{"id":13604,"date":"2024-11-21T14:28:23","date_gmt":"2024-11-21T13:28:23","guid":{"rendered":"https:\/\/www.pamplonanegra.com\/events\/mesa-redonda-desde-las-tinieblas-25enero2024-900-476-153-256-917\/"},"modified":"2025-11-26T11:41:17","modified_gmt":"2025-11-26T10:41:17","slug":"mesa-redonda-desde-las-tinieblas-25enero2024-900-476-153-256-917","status":"publish","type":"mec-events","link":"https:\/\/www.pamplonanegra.com\/eu\/events\/mesa-redonda-desde-las-tinieblas-25enero2024-900-476-153-256-917\/","title":{"rendered":"MAHAI-INGURUA: Gaiztakeriaren begitartea. 2026eko urtarrilaren 23a."},"content":{"rendered":"<h3 style=\"text-align: center;\">Gaiztakeriaren begitartea<\/h3>\n<h6 style=\"text-align: center;\"><strong><i class=\"fas fa-clock\"><\/i> Iraupena:<\/strong> <strong>Ordu bat<\/strong><\/h6>\n<h6 style=\"text-align: center;\"><strong><i class=\"fas fa-location-dot\"><\/i> Egoitza:<\/strong> Baluarte: Ganbera aretoa<\/h6>\n<p>&nbsp;<\/p>\n<div style=\"display: flex; justify-content: center; text-align: left;\"><a href=\"https:\/\/www.pamplonanegra.com\/autores\/roberto-santiago\/\"><button style=\"padding: 10px; background-color: black; color: white; border: 1px solid white; border-radius: 50px;\" type=\"button\">Roberto Santiago<\/button><\/a><a href=\"https:\/\/www.pamplonanegra.com\/autores\/alaitz-leceaga\/\"><button style=\"padding: 10px; background-color: black; color: white; border: 1px solid white; border-radius: 50px;\" type=\"button\">Alaitz Leceaga<\/button><\/a><\/div>\n<h6 style=\"text-align: center;\"><strong><br \/>\nModeratzailea: Amaia Otazu<\/strong><\/h6>\n<p>&nbsp;<\/p>\n<p style=\"text-align: center;\">Gaiztakeria gune txiki eta pribatuetan ezkutatu ahal da, adibidez, familia batean, edo merkataritza-gune nagusi handietan, adibidez, enpresa multinazionaletan. Roberto Santiagok eta Alaitz Leceagak aurrez aurre begiratzen diote gaitzari beren eleberrietan. Amaia Otazu kazetariak elkarrizketatuta, gizartea mugiarazten duten, norbanakoak galbideratzen dituzten eta pertsona bat hiltzaile bihurtzea eragiten duten botereaz, ustelkeriaz eta mekanismoez hitz egingo dute.<\/p>\n<p style=\"text-align: center;\"><strong><br \/>\n\u00a1SARRERA LIBREA EDUKIERA BETE ARTE!<\/strong><\/p>\n","protected":false},"excerpt":{"rendered":"<p>Gaiztakeriaren begitartea Iraupena: Ordu bat Egoitza: Baluarte: Ganbera aretoa &nbsp; Roberto SantiagoAlaitz Leceaga Moderatzailea: Amaia Otazu &nbsp; Gaiztakeria gune txiki eta pribatuetan ezkutatu ahal da, adibidez, familia batean, edo merkataritza-gune nagusi handietan, adibidez, enpresa multinazionaletan. Roberto Santiagok eta Alaitz Leceagak aurrez aurre begiratzen diote gaitzari beren eleberrietan. Amaia Otazu kazetariak elkarrizketatuta, gizartea mugiarazten duten, norbanakoak &hellip;<\/p>\n<p class=\"read-more\"> <a class=\"\" href=\"https:\/\/www.pamplonanegra.com\/eu\/events\/mesa-redonda-desde-las-tinieblas-25enero2024-900-476-153-256-917\/\"> <span class=\"screen-reader-text\">MAHAI-INGURUA: Gaiztakeriaren begitartea. 2026eko urtarrilaren 23a.<\/span> Read More \u00bb<\/a><\/p>\n","protected":false},"author":1,"featured_media":0,"comment_status":"closed","ping_status":"closed","template":"","meta":{"_uag_custom_page_level_css":"","site-sidebar-layout":"default","site-content-layout":"default","ast-global-header-display":"","ast-banner-title-visibility":"","ast-main-header-display":"","ast-hfb-above-header-display":"","ast-hfb-below-header-display":"","ast-hfb-mobile-header-display":"","site-post-title":"","ast-breadcrumbs-content":"","ast-featured-img":"","footer-sml-layout":"","theme-transparent-header-meta":"default","adv-header-id-meta":"","stick-header-meta":"default","header-above-stick-meta":"","header-main-stick-meta":"","header-below-stick-meta":""},"tags":[],"mec_category":[160,167],"class_list":["post-13604","mec-events","type-mec-events","status-publish","hentry","mec_category-autores-eu","mec_category-mesas-redondas-eu"],"yoast_head":"<!-- This site is optimized with the Yoast SEO plugin v23.7 - https:\/\/yoast.com\/wordpress\/plugins\/seo\/ -->\n<title>MAHAI-INGURUA: Gaiztakeriaren begitartea. 2026eko urtarrilaren 23a. - Pamplona Negra<\/title>\n<meta name=\"description\" content=\"Clausura de la edici\u00f3n IX de Pamplona Negra con la mesa redonda &quot;La novela m\u00e1s negra&quot; a cargo de los autores Jorge D\u00edaz, Agust\u00edn Mart\u00ednez y Antonio Mercero, los autores colectivos que desarrollan su trayectoria a trav\u00e9s del seud\u00f3nimo Carmen Mola desde 2017. Esta mesa redonda, de acceso libre hasta completar aforo, estar\u00e1 moderada por la periodista Ana Valencia.\" \/>\n<meta name=\"robots\" content=\"index, follow, max-snippet:-1, max-image-preview:large, max-video-preview:-1\" \/>\n<link rel=\"canonical\" href=\"https:\/\/www.pamplonanegra.com\/eu\/events\/mesa-redonda-desde-las-tinieblas-25enero2024-900-476-153-256-917\/\" \/>\n<meta property=\"og:locale\" content=\"eu_ES\" \/>\n<meta property=\"og:type\" content=\"article\" \/>\n<meta property=\"og:title\" content=\"MAHAI-INGURUA: Gaiztakeriaren begitartea. 2026eko urtarrilaren 23a. - Pamplona Negra\" \/>\n<meta property=\"og:description\" content=\"Clausura de la edici\u00f3n IX de Pamplona Negra con la mesa redonda &quot;La novela m\u00e1s negra&quot; a cargo de los autores Jorge D\u00edaz, Agust\u00edn Mart\u00ednez y Antonio Mercero, los autores colectivos que desarrollan su trayectoria a trav\u00e9s del seud\u00f3nimo Carmen Mola desde 2017. Esta mesa redonda, de acceso libre hasta completar aforo, estar\u00e1 moderada por la periodista Ana Valencia.\" \/>\n<meta property=\"og:url\" content=\"https:\/\/www.pamplonanegra.com\/eu\/events\/mesa-redonda-desde-las-tinieblas-25enero2024-900-476-153-256-917\/\" \/>\n<meta property=\"og:site_name\" content=\"Pamplona Negra\" \/>\n<meta property=\"article:modified_time\" content=\"2025-11-26T10:41:17+00:00\" \/>\n<meta name=\"twitter:card\" content=\"summary_large_image\" \/>\n<meta name=\"twitter:label1\" content=\"Est. reading time\" \/>\n\t<meta name=\"twitter:data1\" content=\"1 minutua\" \/>\n<script type=\"application\/ld+json\" class=\"yoast-schema-graph\">{\"@context\":\"https:\/\/schema.org\",\"@graph\":[{\"@type\":\"WebPage\",\"@id\":\"https:\/\/www.pamplonanegra.com\/eu\/events\/mesa-redonda-desde-las-tinieblas-25enero2024-900-476-153-256-917\/\",\"url\":\"https:\/\/www.pamplonanegra.com\/eu\/events\/mesa-redonda-desde-las-tinieblas-25enero2024-900-476-153-256-917\/\",\"name\":\"MAHAI-INGURUA: Gaiztakeriaren begitartea. 2026eko urtarrilaren 23a. - Pamplona Negra\",\"isPartOf\":{\"@id\":\"https:\/\/www.pamplonanegra.com\/#website\"},\"datePublished\":\"2024-11-21T13:28:23+00:00\",\"dateModified\":\"2025-11-26T10:41:17+00:00\",\"description\":\"Clausura de la edici\u00f3n IX de Pamplona Negra con la mesa redonda \\\"La novela m\u00e1s negra\\\" a cargo de los autores Jorge D\u00edaz, Agust\u00edn Mart\u00ednez y Antonio Mercero, los autores colectivos que desarrollan su trayectoria a trav\u00e9s del seud\u00f3nimo Carmen Mola desde 2017. Esta mesa redonda, de acceso libre hasta completar aforo, estar\u00e1 moderada por la periodista Ana Valencia.\",\"breadcrumb\":{\"@id\":\"https:\/\/www.pamplonanegra.com\/eu\/events\/mesa-redonda-desde-las-tinieblas-25enero2024-900-476-153-256-917\/#breadcrumb\"},\"inLanguage\":\"eu\",\"potentialAction\":[{\"@type\":\"ReadAction\",\"target\":[\"https:\/\/www.pamplonanegra.com\/eu\/events\/mesa-redonda-desde-las-tinieblas-25enero2024-900-476-153-256-917\/\"]}]},{\"@type\":\"BreadcrumbList\",\"@id\":\"https:\/\/www.pamplonanegra.com\/eu\/events\/mesa-redonda-desde-las-tinieblas-25enero2024-900-476-153-256-917\/#breadcrumb\",\"itemListElement\":[{\"@type\":\"ListItem\",\"position\":1,\"name\":\"Portada\",\"item\":\"https:\/\/www.pamplonanegra.com\/eu\/\"},{\"@type\":\"ListItem\",\"position\":2,\"name\":\"Eventos\",\"item\":\"https:\/\/www.pamplonanegra.com\/events\/\"},{\"@type\":\"ListItem\",\"position\":3,\"name\":\"MAHAI-INGURUA: Gaiztakeriaren begitartea. 2026eko urtarrilaren 23a.\"}]},{\"@type\":\"WebSite\",\"@id\":\"https:\/\/www.pamplonanegra.com\/#website\",\"url\":\"https:\/\/www.pamplonanegra.com\/\",\"name\":\"Pamplona Negra\",\"description\":\"Pamplona Negra X edici\u00f3n - THE DARK CITY\",\"publisher\":{\"@id\":\"https:\/\/www.pamplonanegra.com\/#organization\"},\"potentialAction\":[{\"@type\":\"SearchAction\",\"target\":{\"@type\":\"EntryPoint\",\"urlTemplate\":\"https:\/\/www.pamplonanegra.com\/?s={search_term_string}\"},\"query-input\":{\"@type\":\"PropertyValueSpecification\",\"valueRequired\":true,\"valueName\":\"search_term_string\"}}],\"inLanguage\":\"eu\"},{\"@type\":\"Organization\",\"@id\":\"https:\/\/www.pamplonanegra.com\/#organization\",\"name\":\"Pamplona Negra\",\"url\":\"https:\/\/www.pamplonanegra.com\/\",\"logo\":{\"@type\":\"ImageObject\",\"inLanguage\":\"eu\",\"@id\":\"https:\/\/www.pamplonanegra.com\/#\/schema\/logo\/image\/\",\"url\":\"https:\/\/www.pamplonanegra.com\/wp-content\/uploads\/2022\/10\/pamplona-negra-logo.png\",\"contentUrl\":\"https:\/\/www.pamplonanegra.com\/wp-content\/uploads\/2022\/10\/pamplona-negra-logo.png\",\"width\":185,\"height\":97,\"caption\":\"Pamplona Negra\"},\"image\":{\"@id\":\"https:\/\/www.pamplonanegra.com\/#\/schema\/logo\/image\/\"}}]}<\/script>\n<!-- \/ Yoast SEO plugin. -->","yoast_head_json":{"title":"MAHAI-INGURUA: Gaiztakeriaren begitartea. 2026eko urtarrilaren 23a. - Pamplona Negra","description":"Clausura de la edici\u00f3n IX de Pamplona Negra con la mesa redonda \"La novela m\u00e1s negra\" a cargo de los autores Jorge D\u00edaz, Agust\u00edn Mart\u00ednez y Antonio Mercero, los autores colectivos que desarrollan su trayectoria a trav\u00e9s del seud\u00f3nimo Carmen Mola desde 2017. Esta mesa redonda, de acceso libre hasta completar aforo, estar\u00e1 moderada por la periodista Ana Valencia.","robots":{"index":"index","follow":"follow","max-snippet":"max-snippet:-1","max-image-preview":"max-image-preview:large","max-video-preview":"max-video-preview:-1"},"canonical":"https:\/\/www.pamplonanegra.com\/eu\/events\/mesa-redonda-desde-las-tinieblas-25enero2024-900-476-153-256-917\/","og_locale":"eu_ES","og_type":"article","og_title":"MAHAI-INGURUA: Gaiztakeriaren begitartea. 2026eko urtarrilaren 23a. - Pamplona Negra","og_description":"Clausura de la edici\u00f3n IX de Pamplona Negra con la mesa redonda \"La novela m\u00e1s negra\" a cargo de los autores Jorge D\u00edaz, Agust\u00edn Mart\u00ednez y Antonio Mercero, los autores colectivos que desarrollan su trayectoria a trav\u00e9s del seud\u00f3nimo Carmen Mola desde 2017. Esta mesa redonda, de acceso libre hasta completar aforo, estar\u00e1 moderada por la periodista Ana Valencia.","og_url":"https:\/\/www.pamplonanegra.com\/eu\/events\/mesa-redonda-desde-las-tinieblas-25enero2024-900-476-153-256-917\/","og_site_name":"Pamplona Negra","article_modified_time":"2025-11-26T10:41:17+00:00","twitter_card":"summary_large_image","twitter_misc":{"Est. reading time":"1 minutua"},"schema":{"@context":"https:\/\/schema.org","@graph":[{"@type":"WebPage","@id":"https:\/\/www.pamplonanegra.com\/eu\/events\/mesa-redonda-desde-las-tinieblas-25enero2024-900-476-153-256-917\/","url":"https:\/\/www.pamplonanegra.com\/eu\/events\/mesa-redonda-desde-las-tinieblas-25enero2024-900-476-153-256-917\/","name":"MAHAI-INGURUA: Gaiztakeriaren begitartea. 2026eko urtarrilaren 23a. - Pamplona Negra","isPartOf":{"@id":"https:\/\/www.pamplonanegra.com\/#website"},"datePublished":"2024-11-21T13:28:23+00:00","dateModified":"2025-11-26T10:41:17+00:00","description":"Clausura de la edici\u00f3n IX de Pamplona Negra con la mesa redonda \"La novela m\u00e1s negra\" a cargo de los autores Jorge D\u00edaz, Agust\u00edn Mart\u00ednez y Antonio Mercero, los autores colectivos que desarrollan su trayectoria a trav\u00e9s del seud\u00f3nimo Carmen Mola desde 2017. Esta mesa redonda, de acceso libre hasta completar aforo, estar\u00e1 moderada por la periodista Ana Valencia.","breadcrumb":{"@id":"https:\/\/www.pamplonanegra.com\/eu\/events\/mesa-redonda-desde-las-tinieblas-25enero2024-900-476-153-256-917\/#breadcrumb"},"inLanguage":"eu","potentialAction":[{"@type":"ReadAction","target":["https:\/\/www.pamplonanegra.com\/eu\/events\/mesa-redonda-desde-las-tinieblas-25enero2024-900-476-153-256-917\/"]}]},{"@type":"BreadcrumbList","@id":"https:\/\/www.pamplonanegra.com\/eu\/events\/mesa-redonda-desde-las-tinieblas-25enero2024-900-476-153-256-917\/#breadcrumb","itemListElement":[{"@type":"ListItem","position":1,"name":"Portada","item":"https:\/\/www.pamplonanegra.com\/eu\/"},{"@type":"ListItem","position":2,"name":"Eventos","item":"https:\/\/www.pamplonanegra.com\/events\/"},{"@type":"ListItem","position":3,"name":"MAHAI-INGURUA: Gaiztakeriaren begitartea. 2026eko urtarrilaren 23a."}]},{"@type":"WebSite","@id":"https:\/\/www.pamplonanegra.com\/#website","url":"https:\/\/www.pamplonanegra.com\/","name":"Pamplona Negra","description":"Pamplona Negra X edici\u00f3n - THE DARK CITY","publisher":{"@id":"https:\/\/www.pamplonanegra.com\/#organization"},"potentialAction":[{"@type":"SearchAction","target":{"@type":"EntryPoint","urlTemplate":"https:\/\/www.pamplonanegra.com\/?s={search_term_string}"},"query-input":{"@type":"PropertyValueSpecification","valueRequired":true,"valueName":"search_term_string"}}],"inLanguage":"eu"},{"@type":"Organization","@id":"https:\/\/www.pamplonanegra.com\/#organization","name":"Pamplona Negra","url":"https:\/\/www.pamplonanegra.com\/","logo":{"@type":"ImageObject","inLanguage":"eu","@id":"https:\/\/www.pamplonanegra.com\/#\/schema\/logo\/image\/","url":"https:\/\/www.pamplonanegra.com\/wp-content\/uploads\/2022\/10\/pamplona-negra-logo.png","contentUrl":"https:\/\/www.pamplonanegra.com\/wp-content\/uploads\/2022\/10\/pamplona-negra-logo.png","width":185,"height":97,"caption":"Pamplona Negra"},"image":{"@id":"https:\/\/www.pamplonanegra.com\/#\/schema\/logo\/image\/"}}]}},"uagb_featured_image_src":{"full":false,"thumbnail":false,"medium":false,"medium_large":false,"large":false,"gs-tiny":false,"xl":false,"xxl":false,"xxxl":false,"xxxxl":false,"xxxxxl":false,"thumblist":false,"thumbrelated":false,"meccarouselthumb":false,"gridsquare":false,"tileview":false,"1536x1536":false,"2048x2048":false},"uagb_author_info":{"display_name":"Administrador","author_link":"https:\/\/www.pamplonanegra.com\/eu\/author\/gestor\/"},"uagb_comment_info":0,"uagb_excerpt":"Gaiztakeriaren begitartea Iraupena: Ordu bat Egoitza: Baluarte: Ganbera aretoa &nbsp; Roberto SantiagoAlaitz Leceaga Moderatzailea: Amaia Otazu &nbsp; Gaiztakeria gune txiki eta pribatuetan ezkutatu ahal da, adibidez, familia batean, edo merkataritza-gune nagusi handietan, adibidez, enpresa multinazionaletan. Roberto Santiagok eta Alaitz Leceagak aurrez aurre begiratzen diote gaitzari beren eleberrietan. Amaia Otazu kazetariak elkarrizketatuta, gizartea mugiarazten duten, norbanakoak&hellip;","_links":{"self":[{"href":"https:\/\/www.pamplonanegra.com\/eu\/wp-json\/wp\/v2\/mec-events\/13604"}],"collection":[{"href":"https:\/\/www.pamplonanegra.com\/eu\/wp-json\/wp\/v2\/mec-events"}],"about":[{"href":"https:\/\/www.pamplonanegra.com\/eu\/wp-json\/wp\/v2\/types\/mec-events"}],"author":[{"embeddable":true,"href":"https:\/\/www.pamplonanegra.com\/eu\/wp-json\/wp\/v2\/users\/1"}],"replies":[{"embeddable":true,"href":"https:\/\/www.pamplonanegra.com\/eu\/wp-json\/wp\/v2\/comments?post=13604"}],"wp:attachment":[{"href":"https:\/\/www.pamplonanegra.com\/eu\/wp-json\/wp\/v2\/media?parent=13604"}],"wp:term":[{"taxonomy":"post_tag","embeddable":true,"href":"https:\/\/www.pamplonanegra.com\/eu\/wp-json\/wp\/v2\/tags?post=13604"},{"taxonomy":"mec_category","embeddable":true,"href":"https:\/\/www.pamplonanegra.com\/eu\/wp-json\/wp\/v2\/mec_category?post=13604"}],"curies":[{"name":"wp","href":"https:\/\/api.w.org\/{rel}","templated":true}]}}