{"id":13191,"date":"2024-11-25T16:10:48","date_gmt":"2024-11-25T15:10:48","guid":{"rendered":"https:\/\/www.pamplonanegra.com\/?post_type=astra-portfolio&#038;p=13191"},"modified":"2025-11-26T16:26:48","modified_gmt":"2025-11-26T15:26:48","slug":"eduardo-fernan-lopez","status":"publish","type":"astra-portfolio","link":"https:\/\/www.pamplonanegra.com\/eu\/autores\/eduardo-fernan-lopez\/","title":{"rendered":"Eduardo Fern\u00e1n-L\u00f3pez"},"content":{"rendered":"\t\t<div data-elementor-type=\"wp-post\" data-elementor-id=\"13191\" class=\"elementor elementor-13191 elementor-13190\">\n\t\t\t\t\t\t<section class=\"elementor-section elementor-top-section elementor-element elementor-element-61d6ef73 elementor-section-content-middle elementor-section-boxed elementor-section-height-default elementor-section-height-default\" data-id=\"61d6ef73\" data-element_type=\"section\" data-settings=\"{&quot;background_background&quot;:&quot;classic&quot;}\">\n\t\t\t\t\t\t<div class=\"elementor-container elementor-column-gap-no\">\n\t\t\t\t\t<div class=\"elementor-column elementor-col-66 elementor-top-column elementor-element elementor-element-2f1bb787\" data-id=\"2f1bb787\" data-element_type=\"column\">\n\t\t\t<div class=\"elementor-widget-wrap elementor-element-populated\">\n\t\t\t\t\t\t<div class=\"elementor-element elementor-element-30f5968e elementor-invisible elementor-widget elementor-widget-heading\" data-id=\"30f5968e\" data-element_type=\"widget\" data-settings=\"{&quot;_animation&quot;:&quot;fadeInLeft&quot;}\" data-widget_type=\"heading.default\">\n\t\t\t\t<div class=\"elementor-widget-container\">\n\t\t\t<h4 class=\"elementor-heading-title elementor-size-default\">Eduardo Fern\u00e1n L\u00f3pez<\/h4>\t\t<\/div>\n\t\t\t\t<\/div>\n\t\t\t\t<div class=\"elementor-element elementor-element-25a988f8 elementor-widget__width-inherit elementor-widget elementor-widget-text-editor\" data-id=\"25a988f8\" data-element_type=\"widget\" data-widget_type=\"text-editor.default\">\n\t\t\t\t<div class=\"elementor-widget-container\">\n\t\t\t\t\t\t\t<p><strong>Eduardo Fern\u00e1n-L\u00f3pez<\/strong> (Villalpando, Zamora), 1985. Doktorea da Historia Garaikidean eta lizentziaduna Artearen Historian. Ohiko kolaboratzailea da <em>Zenda<\/em> eta <em>Qu\u00e9 Leer<\/em> argitalpenetan.<\/p><p><em>La dentellada<\/em> (2021) bere lehen eleberriak Morella Negra jaialdiaren VI. edizioko Tuber Melanosporum saria eskuratu zuen, eta finalista izan zen Paco Camarasa sariketaren II. edizioan, Cartagena Negra jaialdiaren IV. edizioko Icue Negro sarian eta 2021eko narratibako Ojo Cr\u00edtiko sarian. <em>El balanceo del Alacr\u00e1n<\/em> eleberriarekin (Destino, 2025) <em>thriller<\/em> atmosferiko batean murgildu gaitu, Galiziako itsasertza protagonista duela.<\/p>\t\t\t\t\t\t<\/div>\n\t\t\t\t<\/div>\n\t\t\t\t<div class=\"elementor-element elementor-element-5b2bd1e2 elementor-widget__width-auto elementor-invisible elementor-widget elementor-widget-button\" data-id=\"5b2bd1e2\" data-element_type=\"widget\" data-settings=\"{&quot;_animation&quot;:&quot;fadeInUp&quot;}\" data-widget_type=\"button.default\">\n\t\t\t\t<div class=\"elementor-widget-container\">\n\t\t\t\t\t\t\t<div class=\"elementor-button-wrapper\">\n\t\t\t\t\t<a class=\"elementor-button elementor-button-link elementor-size-sm\" href=\"https:\/\/www.pamplonanegra.com\/eu\/hizlariak\/\">\n\t\t\t\t\t\t<span class=\"elementor-button-content-wrapper\">\n\t\t\t\t\t\t<span class=\"elementor-button-icon\">\n\t\t\t\t<i aria-hidden=\"true\" class=\"fas fa-arrow-left\"><\/i>\t\t\t<\/span>\n\t\t\t\t\t\t\t\t\t<span class=\"elementor-button-text\">Volver<\/span>\n\t\t\t\t\t<\/span>\n\t\t\t\t\t<\/a>\n\t\t\t\t<\/div>\n\t\t\t\t\t\t<\/div>\n\t\t\t\t<\/div>\n\t\t\t\t\t<\/div>\n\t\t<\/div>\n\t\t\t\t<div class=\"elementor-column elementor-col-33 elementor-top-column elementor-element elementor-element-5dde14f\" data-id=\"5dde14f\" data-element_type=\"column\">\n\t\t\t<div class=\"elementor-widget-wrap elementor-element-populated\">\n\t\t\t\t\t\t<div class=\"elementor-element elementor-element-3b4a3c66 elementor-invisible elementor-widget elementor-widget-image-carousel\" data-id=\"3b4a3c66\" data-element_type=\"widget\" data-settings=\"{&quot;slides_to_show&quot;:&quot;1&quot;,&quot;navigation&quot;:&quot;none&quot;,&quot;_animation&quot;:&quot;zoomIn&quot;,&quot;autoplay&quot;:&quot;yes&quot;,&quot;pause_on_hover&quot;:&quot;yes&quot;,&quot;pause_on_interaction&quot;:&quot;yes&quot;,&quot;autoplay_speed&quot;:5000,&quot;infinite&quot;:&quot;yes&quot;,&quot;effect&quot;:&quot;slide&quot;,&quot;speed&quot;:500}\" data-widget_type=\"image-carousel.default\">\n\t\t\t\t<div class=\"elementor-widget-container\">\n\t\t\t\t\t<div class=\"elementor-image-carousel-wrapper swiper\" dir=\"ltr\">\n\t\t\t<div class=\"elementor-image-carousel swiper-wrapper swiper-image-stretch\" aria-live=\"off\">\n\t\t\t\t\t\t\t\t<div class=\"swiper-slide\" role=\"group\" aria-roledescription=\"slide\" aria-label=\"1 of 1\"><figure class=\"swiper-slide-inner\"><img decoding=\"async\" class=\"swiper-slide-image\" src=\"https:\/\/www.pamplonanegra.com\/wp-content\/uploads\/2025\/11\/3.jpg\" alt=\"3\" \/><\/figure><\/div>\t\t\t<\/div>\n\t\t\t\t\t<\/div>\n\t\t\t\t<\/div>\n\t\t\t\t<\/div>\n\t\t\t\t\t<\/div>\n\t\t<\/div>\n\t\t\t\t\t<\/div>\n\t\t<\/section>\n\t\t\t\t<\/div>\n\t\t","protected":false},"featured_media":14388,"template":"","meta":{"_uag_custom_page_level_css":"","site-sidebar-layout":"no-sidebar","site-content-layout":"page-builder","ast-global-header-display":"","ast-banner-title-visibility":"","ast-main-header-display":"","ast-hfb-above-header-display":"","ast-hfb-below-header-display":"","ast-hfb-mobile-header-display":"","site-post-title":"disabled","ast-breadcrumbs-content":"","ast-featured-img":"disabled","footer-sml-layout":"","theme-transparent-header-meta":"","adv-header-id-meta":"","stick-header-meta":"","header-above-stick-meta":"","header-main-stick-meta":"","header-below-stick-meta":""},"astra-portfolio-categories":[143,144,145],"astra-portfolio-other-categories":[],"astra-portfolio-tags":[140,205,138],"class_list":["post-13191","astra-portfolio","type-astra-portfolio","status-publish","has-post-thumbnail","hentry","astra-portfolio-categories-autores-eu","astra-portfolio-categories-misterio-eu","astra-portfolio-categories-novela-eu","astra-portfolio-tags-novela-negra-eu","astra-portfolio-tags-pn24","astra-portfolio-tags-tag-novela-eu"],"astra-site-call-to-action":"","astra-site-open-in-new-tab":"0","astra-site-open-portfolio-in":"same-tab","astra-site-url":"","thumbnail-image-url":"https:\/\/www.pamplonanegra.com\/wp-content\/uploads\/2025\/11\/3.jpg","thumbnail-image-meta":{"alt":"","title":"3"},"lightbox-image-url":null,"portfolio-type":"page","portfolio-video-url":"","request_time":1.144935131072998,"yoast_head":"<!-- This site is optimized with the Yoast SEO plugin v23.7 - https:\/\/yoast.com\/wordpress\/plugins\/seo\/ -->\n<title>Eduardo Fern\u00e1n-L\u00f3pez - Pamplona Negra<\/title>\n<meta name=\"description\" content=\"Eduardo Fern\u00e1n-L\u00f3pez (Villalpando, Zamora), 1985. Doktorea da Historia Garaikidean eta lizentziaduna Artearen Historian. Ohiko kolaboratzailea da Zenda eta Qu\u00e9 Leer argitalpenetan.\" \/>\n<meta name=\"robots\" content=\"index, follow, max-snippet:-1, max-image-preview:large, max-video-preview:-1\" \/>\n<link rel=\"canonical\" href=\"https:\/\/www.pamplonanegra.com\/eu\/autores\/eduardo-fernan-lopez\/\" \/>\n<meta property=\"og:locale\" content=\"eu_ES\" \/>\n<meta property=\"og:type\" content=\"article\" \/>\n<meta property=\"og:title\" content=\"Eduardo Fern\u00e1n-L\u00f3pez - Pamplona Negra\" \/>\n<meta property=\"og:description\" content=\"Eduardo Fern\u00e1n-L\u00f3pez (Villalpando, Zamora), 1985. Doktorea da Historia Garaikidean eta lizentziaduna Artearen Historian. Ohiko kolaboratzailea da Zenda eta Qu\u00e9 Leer argitalpenetan.\" \/>\n<meta property=\"og:url\" content=\"https:\/\/www.pamplonanegra.com\/eu\/autores\/eduardo-fernan-lopez\/\" \/>\n<meta property=\"og:site_name\" content=\"Pamplona Negra\" \/>\n<meta property=\"article:modified_time\" content=\"2025-11-26T15:26:48+00:00\" \/>\n<meta property=\"og:image\" content=\"https:\/\/www.pamplonanegra.com\/wp-content\/uploads\/2025\/11\/3.jpg\" \/>\n\t<meta property=\"og:image:width\" content=\"940\" \/>\n\t<meta property=\"og:image:height\" content=\"788\" \/>\n\t<meta property=\"og:image:type\" content=\"image\/jpeg\" \/>\n<meta name=\"twitter:card\" content=\"summary_large_image\" \/>\n<meta name=\"twitter:label1\" content=\"Est. reading time\" \/>\n\t<meta name=\"twitter:data1\" content=\"1 minutua\" \/>\n<script type=\"application\/ld+json\" class=\"yoast-schema-graph\">{\"@context\":\"https:\/\/schema.org\",\"@graph\":[{\"@type\":\"WebPage\",\"@id\":\"https:\/\/www.pamplonanegra.com\/eu\/autores\/eduardo-fernan-lopez\/\",\"url\":\"https:\/\/www.pamplonanegra.com\/eu\/autores\/eduardo-fernan-lopez\/\",\"name\":\"Eduardo Fern\u00e1n-L\u00f3pez - Pamplona Negra\",\"isPartOf\":{\"@id\":\"https:\/\/www.pamplonanegra.com\/#website\"},\"primaryImageOfPage\":{\"@id\":\"https:\/\/www.pamplonanegra.com\/eu\/autores\/eduardo-fernan-lopez\/#primaryimage\"},\"image\":{\"@id\":\"https:\/\/www.pamplonanegra.com\/eu\/autores\/eduardo-fernan-lopez\/#primaryimage\"},\"thumbnailUrl\":\"https:\/\/www.pamplonanegra.com\/wp-content\/uploads\/2025\/11\/3.jpg\",\"datePublished\":\"2024-11-25T15:10:48+00:00\",\"dateModified\":\"2025-11-26T15:26:48+00:00\",\"description\":\"Eduardo Fern\u00e1n-L\u00f3pez (Villalpando, Zamora), 1985. Doktorea da Historia Garaikidean eta lizentziaduna Artearen Historian. Ohiko kolaboratzailea da Zenda eta Qu\u00e9 Leer argitalpenetan.\",\"breadcrumb\":{\"@id\":\"https:\/\/www.pamplonanegra.com\/eu\/autores\/eduardo-fernan-lopez\/#breadcrumb\"},\"inLanguage\":\"eu\",\"potentialAction\":[{\"@type\":\"ReadAction\",\"target\":[\"https:\/\/www.pamplonanegra.com\/eu\/autores\/eduardo-fernan-lopez\/\"]}]},{\"@type\":\"ImageObject\",\"inLanguage\":\"eu\",\"@id\":\"https:\/\/www.pamplonanegra.com\/eu\/autores\/eduardo-fernan-lopez\/#primaryimage\",\"url\":\"https:\/\/www.pamplonanegra.com\/wp-content\/uploads\/2025\/11\/3.jpg\",\"contentUrl\":\"https:\/\/www.pamplonanegra.com\/wp-content\/uploads\/2025\/11\/3.jpg\",\"width\":940,\"height\":788},{\"@type\":\"BreadcrumbList\",\"@id\":\"https:\/\/www.pamplonanegra.com\/eu\/autores\/eduardo-fernan-lopez\/#breadcrumb\",\"itemListElement\":[{\"@type\":\"ListItem\",\"position\":1,\"name\":\"Portada\",\"item\":\"https:\/\/www.pamplonanegra.com\/eu\/\"},{\"@type\":\"ListItem\",\"position\":2,\"name\":\"Portfolio\",\"item\":\"https:\/\/www.pamplonanegra.com\/autores\/\"},{\"@type\":\"ListItem\",\"position\":3,\"name\":\"Eduardo Fern\u00e1n-L\u00f3pez\"}]},{\"@type\":\"WebSite\",\"@id\":\"https:\/\/www.pamplonanegra.com\/#website\",\"url\":\"https:\/\/www.pamplonanegra.com\/\",\"name\":\"Pamplona Negra\",\"description\":\"Pamplona Negra X edici\u00f3n - THE DARK CITY\",\"publisher\":{\"@id\":\"https:\/\/www.pamplonanegra.com\/#organization\"},\"potentialAction\":[{\"@type\":\"SearchAction\",\"target\":{\"@type\":\"EntryPoint\",\"urlTemplate\":\"https:\/\/www.pamplonanegra.com\/?s={search_term_string}\"},\"query-input\":{\"@type\":\"PropertyValueSpecification\",\"valueRequired\":true,\"valueName\":\"search_term_string\"}}],\"inLanguage\":\"eu\"},{\"@type\":\"Organization\",\"@id\":\"https:\/\/www.pamplonanegra.com\/#organization\",\"name\":\"Pamplona Negra\",\"url\":\"https:\/\/www.pamplonanegra.com\/\",\"logo\":{\"@type\":\"ImageObject\",\"inLanguage\":\"eu\",\"@id\":\"https:\/\/www.pamplonanegra.com\/#\/schema\/logo\/image\/\",\"url\":\"https:\/\/www.pamplonanegra.com\/wp-content\/uploads\/2022\/10\/pamplona-negra-logo.png\",\"contentUrl\":\"https:\/\/www.pamplonanegra.com\/wp-content\/uploads\/2022\/10\/pamplona-negra-logo.png\",\"width\":185,\"height\":97,\"caption\":\"Pamplona Negra\"},\"image\":{\"@id\":\"https:\/\/www.pamplonanegra.com\/#\/schema\/logo\/image\/\"}}]}<\/script>\n<!-- \/ Yoast SEO plugin. -->","yoast_head_json":{"title":"Eduardo Fern\u00e1n-L\u00f3pez - Pamplona Negra","description":"Eduardo Fern\u00e1n-L\u00f3pez (Villalpando, Zamora), 1985. Doktorea da Historia Garaikidean eta lizentziaduna Artearen Historian. Ohiko kolaboratzailea da Zenda eta Qu\u00e9 Leer argitalpenetan.","robots":{"index":"index","follow":"follow","max-snippet":"max-snippet:-1","max-image-preview":"max-image-preview:large","max-video-preview":"max-video-preview:-1"},"canonical":"https:\/\/www.pamplonanegra.com\/eu\/autores\/eduardo-fernan-lopez\/","og_locale":"eu_ES","og_type":"article","og_title":"Eduardo Fern\u00e1n-L\u00f3pez - Pamplona Negra","og_description":"Eduardo Fern\u00e1n-L\u00f3pez (Villalpando, Zamora), 1985. Doktorea da Historia Garaikidean eta lizentziaduna Artearen Historian. Ohiko kolaboratzailea da Zenda eta Qu\u00e9 Leer argitalpenetan.","og_url":"https:\/\/www.pamplonanegra.com\/eu\/autores\/eduardo-fernan-lopez\/","og_site_name":"Pamplona Negra","article_modified_time":"2025-11-26T15:26:48+00:00","og_image":[{"width":940,"height":788,"url":"https:\/\/www.pamplonanegra.com\/wp-content\/uploads\/2025\/11\/3.jpg","type":"image\/jpeg"}],"twitter_card":"summary_large_image","twitter_misc":{"Est. reading time":"1 minutua"},"schema":{"@context":"https:\/\/schema.org","@graph":[{"@type":"WebPage","@id":"https:\/\/www.pamplonanegra.com\/eu\/autores\/eduardo-fernan-lopez\/","url":"https:\/\/www.pamplonanegra.com\/eu\/autores\/eduardo-fernan-lopez\/","name":"Eduardo Fern\u00e1n-L\u00f3pez - Pamplona Negra","isPartOf":{"@id":"https:\/\/www.pamplonanegra.com\/#website"},"primaryImageOfPage":{"@id":"https:\/\/www.pamplonanegra.com\/eu\/autores\/eduardo-fernan-lopez\/#primaryimage"},"image":{"@id":"https:\/\/www.pamplonanegra.com\/eu\/autores\/eduardo-fernan-lopez\/#primaryimage"},"thumbnailUrl":"https:\/\/www.pamplonanegra.com\/wp-content\/uploads\/2025\/11\/3.jpg","datePublished":"2024-11-25T15:10:48+00:00","dateModified":"2025-11-26T15:26:48+00:00","description":"Eduardo Fern\u00e1n-L\u00f3pez (Villalpando, Zamora), 1985. Doktorea da Historia Garaikidean eta lizentziaduna Artearen Historian. Ohiko kolaboratzailea da Zenda eta Qu\u00e9 Leer argitalpenetan.","breadcrumb":{"@id":"https:\/\/www.pamplonanegra.com\/eu\/autores\/eduardo-fernan-lopez\/#breadcrumb"},"inLanguage":"eu","potentialAction":[{"@type":"ReadAction","target":["https:\/\/www.pamplonanegra.com\/eu\/autores\/eduardo-fernan-lopez\/"]}]},{"@type":"ImageObject","inLanguage":"eu","@id":"https:\/\/www.pamplonanegra.com\/eu\/autores\/eduardo-fernan-lopez\/#primaryimage","url":"https:\/\/www.pamplonanegra.com\/wp-content\/uploads\/2025\/11\/3.jpg","contentUrl":"https:\/\/www.pamplonanegra.com\/wp-content\/uploads\/2025\/11\/3.jpg","width":940,"height":788},{"@type":"BreadcrumbList","@id":"https:\/\/www.pamplonanegra.com\/eu\/autores\/eduardo-fernan-lopez\/#breadcrumb","itemListElement":[{"@type":"ListItem","position":1,"name":"Portada","item":"https:\/\/www.pamplonanegra.com\/eu\/"},{"@type":"ListItem","position":2,"name":"Portfolio","item":"https:\/\/www.pamplonanegra.com\/autores\/"},{"@type":"ListItem","position":3,"name":"Eduardo Fern\u00e1n-L\u00f3pez"}]},{"@type":"WebSite","@id":"https:\/\/www.pamplonanegra.com\/#website","url":"https:\/\/www.pamplonanegra.com\/","name":"Pamplona Negra","description":"Pamplona Negra X edici\u00f3n - THE DARK CITY","publisher":{"@id":"https:\/\/www.pamplonanegra.com\/#organization"},"potentialAction":[{"@type":"SearchAction","target":{"@type":"EntryPoint","urlTemplate":"https:\/\/www.pamplonanegra.com\/?s={search_term_string}"},"query-input":{"@type":"PropertyValueSpecification","valueRequired":true,"valueName":"search_term_string"}}],"inLanguage":"eu"},{"@type":"Organization","@id":"https:\/\/www.pamplonanegra.com\/#organization","name":"Pamplona Negra","url":"https:\/\/www.pamplonanegra.com\/","logo":{"@type":"ImageObject","inLanguage":"eu","@id":"https:\/\/www.pamplonanegra.com\/#\/schema\/logo\/image\/","url":"https:\/\/www.pamplonanegra.com\/wp-content\/uploads\/2022\/10\/pamplona-negra-logo.png","contentUrl":"https:\/\/www.pamplonanegra.com\/wp-content\/uploads\/2022\/10\/pamplona-negra-logo.png","width":185,"height":97,"caption":"Pamplona Negra"},"image":{"@id":"https:\/\/www.pamplonanegra.com\/#\/schema\/logo\/image\/"}}]}},"uagb_featured_image_src":{"full":["https:\/\/www.pamplonanegra.com\/wp-content\/uploads\/2025\/11\/3.jpg",940,788,false],"thumbnail":["https:\/\/www.pamplonanegra.com\/wp-content\/uploads\/2025\/11\/3-150x150.jpg",150,150,true],"medium":["https:\/\/www.pamplonanegra.com\/wp-content\/uploads\/2025\/11\/3-300x251.jpg",300,251,true],"medium_large":["https:\/\/www.pamplonanegra.com\/wp-content\/uploads\/2025\/11\/3-768x644.jpg",768,644,true],"large":["https:\/\/www.pamplonanegra.com\/wp-content\/uploads\/2025\/11\/3.jpg",940,788,false],"gs-tiny":["https:\/\/www.pamplonanegra.com\/wp-content\/uploads\/2025\/11\/3-50x42.jpg",50,42,true],"xl":["https:\/\/www.pamplonanegra.com\/wp-content\/uploads\/2025\/11\/3.jpg",940,788,false],"xxl":["https:\/\/www.pamplonanegra.com\/wp-content\/uploads\/2025\/11\/3.jpg",940,788,false],"xxxl":["https:\/\/www.pamplonanegra.com\/wp-content\/uploads\/2025\/11\/3.jpg",940,788,false],"xxxxl":["https:\/\/www.pamplonanegra.com\/wp-content\/uploads\/2025\/11\/3.jpg",940,788,false],"xxxxxl":["https:\/\/www.pamplonanegra.com\/wp-content\/uploads\/2025\/11\/3.jpg",940,788,false],"thumblist":["https:\/\/www.pamplonanegra.com\/wp-content\/uploads\/2025\/11\/3-300x300.jpg",300,300,true],"thumbrelated":["https:\/\/www.pamplonanegra.com\/wp-content\/uploads\/2025\/11\/3-500x500.jpg",500,500,true],"meccarouselthumb":["https:\/\/www.pamplonanegra.com\/wp-content\/uploads\/2025\/11\/3-474x324.jpg",474,324,true],"gridsquare":["https:\/\/www.pamplonanegra.com\/wp-content\/uploads\/2025\/11\/3-391x260.jpg",391,260,true],"tileview":["https:\/\/www.pamplonanegra.com\/wp-content\/uploads\/2025\/11\/3-300x400.jpg",300,400,true],"1536x1536":["https:\/\/www.pamplonanegra.com\/wp-content\/uploads\/2025\/11\/3.jpg",940,788,false],"2048x2048":["https:\/\/www.pamplonanegra.com\/wp-content\/uploads\/2025\/11\/3.jpg",940,788,false]},"uagb_author_info":{"display_name":"Comunicaci\u00f3n NICDO","author_link":"https:\/\/www.pamplonanegra.com\/eu\/author\/"},"uagb_comment_info":0,"uagb_excerpt":"Eduardo Fern\u00e1n L\u00f3pez Eduardo Fern\u00e1n-L\u00f3pez (Villalpando, Zamora), 1985. Doktorea da Historia Garaikidean eta lizentziaduna Artearen Historian. Ohiko kolaboratzailea da Zenda eta Qu\u00e9 Leer argitalpenetan. La dentellada (2021) bere lehen eleberriak Morella Negra jaialdiaren VI. edizioko Tuber Melanosporum saria eskuratu zuen, eta finalista izan zen Paco Camarasa sariketaren II. edizioan, Cartagena Negra jaialdiaren IV. edizioko Icue&hellip;","_links":{"self":[{"href":"https:\/\/www.pamplonanegra.com\/eu\/wp-json\/wp\/v2\/astra-portfolio\/13191"}],"collection":[{"href":"https:\/\/www.pamplonanegra.com\/eu\/wp-json\/wp\/v2\/astra-portfolio"}],"about":[{"href":"https:\/\/www.pamplonanegra.com\/eu\/wp-json\/wp\/v2\/types\/astra-portfolio"}],"version-history":[{"count":16,"href":"https:\/\/www.pamplonanegra.com\/eu\/wp-json\/wp\/v2\/astra-portfolio\/13191\/revisions"}],"predecessor-version":[{"id":15123,"href":"https:\/\/www.pamplonanegra.com\/eu\/wp-json\/wp\/v2\/astra-portfolio\/13191\/revisions\/15123"}],"wp:featuredmedia":[{"embeddable":true,"href":"https:\/\/www.pamplonanegra.com\/eu\/wp-json\/wp\/v2\/media\/14388"}],"wp:attachment":[{"href":"https:\/\/www.pamplonanegra.com\/eu\/wp-json\/wp\/v2\/media?parent=13191"}],"wp:term":[{"taxonomy":"astra-portfolio-categories","embeddable":true,"href":"https:\/\/www.pamplonanegra.com\/eu\/wp-json\/wp\/v2\/astra-portfolio-categories?post=13191"},{"taxonomy":"astra-portfolio-other-categories","embeddable":true,"href":"https:\/\/www.pamplonanegra.com\/eu\/wp-json\/wp\/v2\/astra-portfolio-other-categories?post=13191"},{"taxonomy":"astra-portfolio-tags","embeddable":true,"href":"https:\/\/www.pamplonanegra.com\/eu\/wp-json\/wp\/v2\/astra-portfolio-tags?post=13191"}],"curies":[{"name":"wp","href":"https:\/\/api.w.org\/{rel}","templated":true}]}}