{"id":12240,"date":"2024-11-06T10:41:07","date_gmt":"2024-11-06T09:41:07","guid":{"rendered":"https:\/\/www.pamplonanegra.com\/?post_type=astra-portfolio&#038;p=12240"},"modified":"2025-12-01T09:50:19","modified_gmt":"2025-12-01T08:50:19","slug":"teresa-cardona-2","status":"publish","type":"astra-portfolio","link":"https:\/\/www.pamplonanegra.com\/eu\/autores\/teresa-cardona-2\/","title":{"rendered":"Teresa Cardona"},"content":{"rendered":"\t\t<div data-elementor-type=\"wp-post\" data-elementor-id=\"12240\" class=\"elementor elementor-12240 elementor-12239\">\n\t\t\t\t\t\t<section class=\"elementor-section elementor-top-section elementor-element elementor-element-61d6ef73 elementor-section-content-middle elementor-section-boxed elementor-section-height-default elementor-section-height-default\" data-id=\"61d6ef73\" data-element_type=\"section\" data-settings=\"{&quot;background_background&quot;:&quot;classic&quot;}\">\n\t\t\t\t\t\t<div class=\"elementor-container elementor-column-gap-no\">\n\t\t\t\t\t<div class=\"elementor-column elementor-col-66 elementor-top-column elementor-element elementor-element-2f1bb787\" data-id=\"2f1bb787\" data-element_type=\"column\">\n\t\t\t<div class=\"elementor-widget-wrap elementor-element-populated\">\n\t\t\t\t\t\t<div class=\"elementor-element elementor-element-30f5968e elementor-invisible elementor-widget elementor-widget-heading\" data-id=\"30f5968e\" data-element_type=\"widget\" data-settings=\"{&quot;_animation&quot;:&quot;fadeInLeft&quot;}\" data-widget_type=\"heading.default\">\n\t\t\t\t<div class=\"elementor-widget-container\">\n\t\t\t<h4 class=\"elementor-heading-title elementor-size-default\">Teresa Cardona<\/h4>\t\t<\/div>\n\t\t\t\t<\/div>\n\t\t\t\t<div class=\"elementor-element elementor-element-25a988f8 elementor-widget__width-inherit elementor-widget elementor-widget-text-editor\" data-id=\"25a988f8\" data-element_type=\"widget\" data-widget_type=\"text-editor.default\">\n\t\t\t\t<div class=\"elementor-widget-container\">\n\t\t\t\t\t\t\t<p><strong>Teresa Cardona<\/strong>\u00a0(Teresa Todenhoefer izengoitia) Madrilen sortu zen, 1973an. Artearen Historia ikasi zuen. Bi eleberri beltz kaleratu ditu Frantzian, Eric\u00a0Todenne izengoitiaren pean, lau eskutara idatzita Eric Damienekin:\u00a0<em>Un\u00a0travail\u00a0\u00e0 finir<\/em>\u00a0eta\u00a0<em>Terres\u00a0br\u00fbl\u00e9es<\/em>\u00a0(Editions\u00a0Viviane\u00a0Hamy-Flammarion).\u00a0Biek ala biek oinarri historikoa dute, lehenak Aljeriako gerran eta bigarrenak Alsazia Lorrenan, 1870 eta 1945 artean.<\/p><p>Hogeita hamar urtean Alemanian bizi eta gero, Madrilera itzuli zen, eta 2022ko martxoan <em>Los dos lados<\/em> kaleratu zuen,\u00a0Karen\u00a0Blecker\u00a0eta Jos\u00e9 Luis Cano guardia zibilen bikotea protagonista duen sail baten aurreneko izenburua, San Lorenzo de El Escorialen girotua.\u00a02022ko urrian sail horretako bigarrena argitaratu zuen, <em>Un bien relativo,<\/em> Villan\u00faa Rural Noir saria jasotzea ekarri ziona,<em>\u00a0<\/em>eta 2023ko irailean, saileko hirugarrena atera zen,\u00a0<em> La carne del cisne,\u00a0<\/em>hori ere Madrilgo mendilerroan girotua. 2024ko maiatzean, <em>Terres br\u00fbl\u00e9es\u00a0<\/em>eleberriaren gaztelaniazko itzulpena atera zen,\u00a0<em>Tierra quemada <\/em>izenburupean.<em>\u00a0<\/em>2025eko maiatzean, <em>A la vista\u00a0de todos <\/em>eman zuen argitara, berriro ere Blecker-Cano bikotearekin eta San Lorenzon girotuta. Eleberri guztiak Siruela argitaletxeak kaleratu ditu.\u00a0<\/p><p>Madrilen bizi da, ezkonduta dago eta lau-seme alaba ditu.<\/p>\t\t\t\t\t\t<\/div>\n\t\t\t\t<\/div>\n\t\t\t\t<div class=\"elementor-element elementor-element-76beeb0 elementor-widget__width-auto elementor-invisible elementor-widget elementor-widget-button\" data-id=\"76beeb0\" data-element_type=\"widget\" data-settings=\"{&quot;_animation&quot;:&quot;fadeInUp&quot;}\" data-widget_type=\"button.default\">\n\t\t\t\t<div class=\"elementor-widget-container\">\n\t\t\t\t\t\t\t<div class=\"elementor-button-wrapper\">\n\t\t\t\t\t<a class=\"elementor-button elementor-button-link elementor-size-sm\" href=\"https:\/\/www.pamplonanegra.com\/escritores-autores\/\">\n\t\t\t\t\t\t<span class=\"elementor-button-content-wrapper\">\n\t\t\t\t\t\t<span class=\"elementor-button-icon\">\n\t\t\t\t<i aria-hidden=\"true\" class=\"fas fa-arrow-left\"><\/i>\t\t\t<\/span>\n\t\t\t\t\t\t\t\t\t<span class=\"elementor-button-text\">Volver<\/span>\n\t\t\t\t\t<\/span>\n\t\t\t\t\t<\/a>\n\t\t\t\t<\/div>\n\t\t\t\t\t\t<\/div>\n\t\t\t\t<\/div>\n\t\t\t\t\t<\/div>\n\t\t<\/div>\n\t\t\t\t<div class=\"elementor-column elementor-col-33 elementor-top-column elementor-element elementor-element-5dde14f\" data-id=\"5dde14f\" data-element_type=\"column\">\n\t\t\t<div class=\"elementor-widget-wrap elementor-element-populated\">\n\t\t\t\t\t\t<div class=\"elementor-element elementor-element-3b4a3c66 elementor-invisible elementor-widget elementor-widget-image-carousel\" data-id=\"3b4a3c66\" data-element_type=\"widget\" data-settings=\"{&quot;slides_to_show&quot;:&quot;1&quot;,&quot;navigation&quot;:&quot;none&quot;,&quot;_animation&quot;:&quot;zoomIn&quot;,&quot;autoplay&quot;:&quot;yes&quot;,&quot;pause_on_hover&quot;:&quot;yes&quot;,&quot;pause_on_interaction&quot;:&quot;yes&quot;,&quot;autoplay_speed&quot;:5000,&quot;infinite&quot;:&quot;yes&quot;,&quot;effect&quot;:&quot;slide&quot;,&quot;speed&quot;:500}\" data-widget_type=\"image-carousel.default\">\n\t\t\t\t<div class=\"elementor-widget-container\">\n\t\t\t\t\t<div class=\"elementor-image-carousel-wrapper swiper\" dir=\"ltr\">\n\t\t\t<div class=\"elementor-image-carousel swiper-wrapper swiper-image-stretch\" aria-live=\"off\">\n\t\t\t\t\t\t\t\t<div class=\"swiper-slide\" role=\"group\" aria-roledescription=\"slide\" aria-label=\"1 of 1\"><figure class=\"swiper-slide-inner\"><img decoding=\"async\" class=\"swiper-slide-image\" src=\"https:\/\/www.pamplonanegra.com\/wp-content\/uploads\/2024\/11\/teresa-cardona.jpg\" alt=\"teresa cardona\" \/><\/figure><\/div>\t\t\t<\/div>\n\t\t\t\t\t<\/div>\n\t\t\t\t<\/div>\n\t\t\t\t<\/div>\n\t\t\t\t\t<\/div>\n\t\t<\/div>\n\t\t\t\t\t<\/div>\n\t\t<\/section>\n\t\t\t\t<\/div>\n\t\t","protected":false},"featured_media":14847,"template":"","meta":{"_uag_custom_page_level_css":"","site-sidebar-layout":"no-sidebar","site-content-layout":"page-builder","ast-global-header-display":"","ast-banner-title-visibility":"","ast-main-header-display":"","ast-hfb-above-header-display":"","ast-hfb-below-header-display":"","ast-hfb-mobile-header-display":"","site-post-title":"disabled","ast-breadcrumbs-content":"","ast-featured-img":"disabled","footer-sml-layout":"","theme-transparent-header-meta":"","adv-header-id-meta":"","stick-header-meta":"","header-above-stick-meta":"","header-main-stick-meta":"","header-below-stick-meta":""},"astra-portfolio-categories":[143,144,145],"astra-portfolio-other-categories":[],"astra-portfolio-tags":[140,205,138],"class_list":["post-12240","astra-portfolio","type-astra-portfolio","status-publish","has-post-thumbnail","hentry","astra-portfolio-categories-autores-eu","astra-portfolio-categories-misterio-eu","astra-portfolio-categories-novela-eu","astra-portfolio-tags-novela-negra-eu","astra-portfolio-tags-pn24","astra-portfolio-tags-tag-novela-eu"],"astra-site-call-to-action":"","astra-site-open-in-new-tab":"0","astra-site-open-portfolio-in":"same-tab","astra-site-url":"","thumbnail-image-url":"https:\/\/www.pamplonanegra.com\/wp-content\/uploads\/2024\/11\/teresa-cardona.jpg","thumbnail-image-meta":{"alt":"","title":"teresa cardona"},"lightbox-image-url":null,"portfolio-type":"page","portfolio-video-url":"","request_time":1.1575758457183838,"yoast_head":"<!-- This site is optimized with the Yoast SEO plugin v23.7 - https:\/\/yoast.com\/wordpress\/plugins\/seo\/ -->\n<title>Teresa Cardona - Pamplona Negra<\/title>\n<meta name=\"description\" content=\"Teresa Cardona (Teresa Todenhoefer izengoitia) Madrilen sortu zen, 1973an. Artearen Historia ikasi zuen. Bi eleberri beltz kaleratu ditu Frantzian, Eric Todenne izengoitiaren pean, lau eskutara idatzita Eric Damienekin: Un travail \u00e0 finir eta Terres br\u00fbl\u00e9es (Editions Viviane Hamy-Flammarion). Biek ala biek oinarri historikoa dute, lehenak Aljeriako gerran eta bigarrenak Alsazia Lorrenan, 1870 eta 1945 artean. Hogeita hamar urtean Alemanian bizi eta gero, Madrilera itzuli zen, eta 2022ko martxoan Los dos lados kaleratu zuen, Karen Blecker eta Jos\u00e9 Luis Cano guardia zibilen bikotea protagonista duen sail baten aurreneko izenburua, San Lorenzo de El Escorialen girotua. 2022ko urrian sail horretako bigarrena argitaratu zuen, Un bien relativo, Villan\u00faa Rural Noir saria jasotzea ekarri ziona, eta 2023ko irailean, saileko hirugarrena atera zen, La carne del cisne, hori ere Madrilgo mendilerroan girotua. 2024ko maiatzean, Terres br\u00fbl\u00e9es eleberriaren gaztelaniazko itzulpena atera zen, Tierra quemada izenburupean. 2025eko maiatzean, A la vista de todos eman zuen argitara, berriro ere Blecker-Cano bikotearekin eta San Lorenzon girotuta. Eleberri guztiak Siruela argitaletxeak kaleratu ditu. Madrilen bizi da, ezkonduta dago eta lau-seme alaba ditu.\" \/>\n<meta name=\"robots\" content=\"index, follow, max-snippet:-1, max-image-preview:large, max-video-preview:-1\" \/>\n<link rel=\"canonical\" href=\"https:\/\/www.pamplonanegra.com\/eu\/autores\/teresa-cardona-2\/\" \/>\n<meta property=\"og:locale\" content=\"eu_ES\" \/>\n<meta property=\"og:type\" content=\"article\" \/>\n<meta property=\"og:title\" content=\"Teresa Cardona - Pamplona Negra\" \/>\n<meta property=\"og:description\" content=\"Teresa Cardona (Teresa Todenhoefer izengoitia) Madrilen sortu zen, 1973an. Artearen Historia ikasi zuen. Bi eleberri beltz kaleratu ditu Frantzian, Eric Todenne izengoitiaren pean, lau eskutara idatzita Eric Damienekin: Un travail \u00e0 finir eta Terres br\u00fbl\u00e9es (Editions Viviane Hamy-Flammarion). Biek ala biek oinarri historikoa dute, lehenak Aljeriako gerran eta bigarrenak Alsazia Lorrenan, 1870 eta 1945 artean. Hogeita hamar urtean Alemanian bizi eta gero, Madrilera itzuli zen, eta 2022ko martxoan Los dos lados kaleratu zuen, Karen Blecker eta Jos\u00e9 Luis Cano guardia zibilen bikotea protagonista duen sail baten aurreneko izenburua, San Lorenzo de El Escorialen girotua. 2022ko urrian sail horretako bigarrena argitaratu zuen, Un bien relativo, Villan\u00faa Rural Noir saria jasotzea ekarri ziona, eta 2023ko irailean, saileko hirugarrena atera zen, La carne del cisne, hori ere Madrilgo mendilerroan girotua. 2024ko maiatzean, Terres br\u00fbl\u00e9es eleberriaren gaztelaniazko itzulpena atera zen, Tierra quemada izenburupean. 2025eko maiatzean, A la vista de todos eman zuen argitara, berriro ere Blecker-Cano bikotearekin eta San Lorenzon girotuta. Eleberri guztiak Siruela argitaletxeak kaleratu ditu. Madrilen bizi da, ezkonduta dago eta lau-seme alaba ditu.\" \/>\n<meta property=\"og:url\" content=\"https:\/\/www.pamplonanegra.com\/eu\/autores\/teresa-cardona-2\/\" \/>\n<meta property=\"og:site_name\" content=\"Pamplona Negra\" \/>\n<meta property=\"article:modified_time\" content=\"2025-12-01T08:50:19+00:00\" \/>\n<meta property=\"og:image\" content=\"https:\/\/www.pamplonanegra.com\/wp-content\/uploads\/2024\/11\/teresa-cardona.jpg\" \/>\n\t<meta property=\"og:image:width\" content=\"940\" \/>\n\t<meta property=\"og:image:height\" content=\"788\" \/>\n\t<meta property=\"og:image:type\" content=\"image\/jpeg\" \/>\n<meta name=\"twitter:card\" content=\"summary_large_image\" \/>\n<meta name=\"twitter:label1\" content=\"Est. reading time\" \/>\n\t<meta name=\"twitter:data1\" content=\"2 minutua\" \/>\n<script type=\"application\/ld+json\" class=\"yoast-schema-graph\">{\"@context\":\"https:\/\/schema.org\",\"@graph\":[{\"@type\":\"WebPage\",\"@id\":\"https:\/\/www.pamplonanegra.com\/eu\/autores\/teresa-cardona-2\/\",\"url\":\"https:\/\/www.pamplonanegra.com\/eu\/autores\/teresa-cardona-2\/\",\"name\":\"Teresa Cardona - Pamplona Negra\",\"isPartOf\":{\"@id\":\"https:\/\/www.pamplonanegra.com\/#website\"},\"primaryImageOfPage\":{\"@id\":\"https:\/\/www.pamplonanegra.com\/eu\/autores\/teresa-cardona-2\/#primaryimage\"},\"image\":{\"@id\":\"https:\/\/www.pamplonanegra.com\/eu\/autores\/teresa-cardona-2\/#primaryimage\"},\"thumbnailUrl\":\"https:\/\/www.pamplonanegra.com\/wp-content\/uploads\/2024\/11\/teresa-cardona.jpg\",\"datePublished\":\"2024-11-06T09:41:07+00:00\",\"dateModified\":\"2025-12-01T08:50:19+00:00\",\"description\":\"Teresa Cardona (Teresa Todenhoefer izengoitia) Madrilen sortu zen, 1973an. Artearen Historia ikasi zuen. Bi eleberri beltz kaleratu ditu Frantzian, Eric Todenne izengoitiaren pean, lau eskutara idatzita Eric Damienekin: Un travail \u00e0 finir eta Terres br\u00fbl\u00e9es (Editions Viviane Hamy-Flammarion). Biek ala biek oinarri historikoa dute, lehenak Aljeriako gerran eta bigarrenak Alsazia Lorrenan, 1870 eta 1945 artean. Hogeita hamar urtean Alemanian bizi eta gero, Madrilera itzuli zen, eta 2022ko martxoan Los dos lados kaleratu zuen, Karen Blecker eta Jos\u00e9 Luis Cano guardia zibilen bikotea protagonista duen sail baten aurreneko izenburua, San Lorenzo de El Escorialen girotua. 2022ko urrian sail horretako bigarrena argitaratu zuen, Un bien relativo, Villan\u00faa Rural Noir saria jasotzea ekarri ziona, eta 2023ko irailean, saileko hirugarrena atera zen, La carne del cisne, hori ere Madrilgo mendilerroan girotua. 2024ko maiatzean, Terres br\u00fbl\u00e9es eleberriaren gaztelaniazko itzulpena atera zen, Tierra quemada izenburupean. 2025eko maiatzean, A la vista de todos eman zuen argitara, berriro ere Blecker-Cano bikotearekin eta San Lorenzon girotuta. Eleberri guztiak Siruela argitaletxeak kaleratu ditu. Madrilen bizi da, ezkonduta dago eta lau-seme alaba ditu.\",\"breadcrumb\":{\"@id\":\"https:\/\/www.pamplonanegra.com\/eu\/autores\/teresa-cardona-2\/#breadcrumb\"},\"inLanguage\":\"eu\",\"potentialAction\":[{\"@type\":\"ReadAction\",\"target\":[\"https:\/\/www.pamplonanegra.com\/eu\/autores\/teresa-cardona-2\/\"]}]},{\"@type\":\"ImageObject\",\"inLanguage\":\"eu\",\"@id\":\"https:\/\/www.pamplonanegra.com\/eu\/autores\/teresa-cardona-2\/#primaryimage\",\"url\":\"https:\/\/www.pamplonanegra.com\/wp-content\/uploads\/2024\/11\/teresa-cardona.jpg\",\"contentUrl\":\"https:\/\/www.pamplonanegra.com\/wp-content\/uploads\/2024\/11\/teresa-cardona.jpg\",\"width\":940,\"height\":788},{\"@type\":\"BreadcrumbList\",\"@id\":\"https:\/\/www.pamplonanegra.com\/eu\/autores\/teresa-cardona-2\/#breadcrumb\",\"itemListElement\":[{\"@type\":\"ListItem\",\"position\":1,\"name\":\"Portada\",\"item\":\"https:\/\/www.pamplonanegra.com\/eu\/\"},{\"@type\":\"ListItem\",\"position\":2,\"name\":\"Portfolio\",\"item\":\"https:\/\/www.pamplonanegra.com\/autores\/\"},{\"@type\":\"ListItem\",\"position\":3,\"name\":\"Teresa Cardona\"}]},{\"@type\":\"WebSite\",\"@id\":\"https:\/\/www.pamplonanegra.com\/#website\",\"url\":\"https:\/\/www.pamplonanegra.com\/\",\"name\":\"Pamplona Negra\",\"description\":\"Pamplona Negra X edici\u00f3n - THE DARK CITY\",\"publisher\":{\"@id\":\"https:\/\/www.pamplonanegra.com\/#organization\"},\"potentialAction\":[{\"@type\":\"SearchAction\",\"target\":{\"@type\":\"EntryPoint\",\"urlTemplate\":\"https:\/\/www.pamplonanegra.com\/?s={search_term_string}\"},\"query-input\":{\"@type\":\"PropertyValueSpecification\",\"valueRequired\":true,\"valueName\":\"search_term_string\"}}],\"inLanguage\":\"eu\"},{\"@type\":\"Organization\",\"@id\":\"https:\/\/www.pamplonanegra.com\/#organization\",\"name\":\"Pamplona Negra\",\"url\":\"https:\/\/www.pamplonanegra.com\/\",\"logo\":{\"@type\":\"ImageObject\",\"inLanguage\":\"eu\",\"@id\":\"https:\/\/www.pamplonanegra.com\/#\/schema\/logo\/image\/\",\"url\":\"https:\/\/www.pamplonanegra.com\/wp-content\/uploads\/2022\/10\/pamplona-negra-logo.png\",\"contentUrl\":\"https:\/\/www.pamplonanegra.com\/wp-content\/uploads\/2022\/10\/pamplona-negra-logo.png\",\"width\":185,\"height\":97,\"caption\":\"Pamplona Negra\"},\"image\":{\"@id\":\"https:\/\/www.pamplonanegra.com\/#\/schema\/logo\/image\/\"}}]}<\/script>\n<!-- \/ Yoast SEO plugin. -->","yoast_head_json":{"title":"Teresa Cardona - Pamplona Negra","description":"Teresa Cardona (Teresa Todenhoefer izengoitia) Madrilen sortu zen, 1973an. Artearen Historia ikasi zuen. Bi eleberri beltz kaleratu ditu Frantzian, Eric Todenne izengoitiaren pean, lau eskutara idatzita Eric Damienekin: Un travail \u00e0 finir eta Terres br\u00fbl\u00e9es (Editions Viviane Hamy-Flammarion). Biek ala biek oinarri historikoa dute, lehenak Aljeriako gerran eta bigarrenak Alsazia Lorrenan, 1870 eta 1945 artean. Hogeita hamar urtean Alemanian bizi eta gero, Madrilera itzuli zen, eta 2022ko martxoan Los dos lados kaleratu zuen, Karen Blecker eta Jos\u00e9 Luis Cano guardia zibilen bikotea protagonista duen sail baten aurreneko izenburua, San Lorenzo de El Escorialen girotua. 2022ko urrian sail horretako bigarrena argitaratu zuen, Un bien relativo, Villan\u00faa Rural Noir saria jasotzea ekarri ziona, eta 2023ko irailean, saileko hirugarrena atera zen, La carne del cisne, hori ere Madrilgo mendilerroan girotua. 2024ko maiatzean, Terres br\u00fbl\u00e9es eleberriaren gaztelaniazko itzulpena atera zen, Tierra quemada izenburupean. 2025eko maiatzean, A la vista de todos eman zuen argitara, berriro ere Blecker-Cano bikotearekin eta San Lorenzon girotuta. Eleberri guztiak Siruela argitaletxeak kaleratu ditu. Madrilen bizi da, ezkonduta dago eta lau-seme alaba ditu.","robots":{"index":"index","follow":"follow","max-snippet":"max-snippet:-1","max-image-preview":"max-image-preview:large","max-video-preview":"max-video-preview:-1"},"canonical":"https:\/\/www.pamplonanegra.com\/eu\/autores\/teresa-cardona-2\/","og_locale":"eu_ES","og_type":"article","og_title":"Teresa Cardona - Pamplona Negra","og_description":"Teresa Cardona (Teresa Todenhoefer izengoitia) Madrilen sortu zen, 1973an. Artearen Historia ikasi zuen. Bi eleberri beltz kaleratu ditu Frantzian, Eric Todenne izengoitiaren pean, lau eskutara idatzita Eric Damienekin: Un travail \u00e0 finir eta Terres br\u00fbl\u00e9es (Editions Viviane Hamy-Flammarion). Biek ala biek oinarri historikoa dute, lehenak Aljeriako gerran eta bigarrenak Alsazia Lorrenan, 1870 eta 1945 artean. Hogeita hamar urtean Alemanian bizi eta gero, Madrilera itzuli zen, eta 2022ko martxoan Los dos lados kaleratu zuen, Karen Blecker eta Jos\u00e9 Luis Cano guardia zibilen bikotea protagonista duen sail baten aurreneko izenburua, San Lorenzo de El Escorialen girotua. 2022ko urrian sail horretako bigarrena argitaratu zuen, Un bien relativo, Villan\u00faa Rural Noir saria jasotzea ekarri ziona, eta 2023ko irailean, saileko hirugarrena atera zen, La carne del cisne, hori ere Madrilgo mendilerroan girotua. 2024ko maiatzean, Terres br\u00fbl\u00e9es eleberriaren gaztelaniazko itzulpena atera zen, Tierra quemada izenburupean. 2025eko maiatzean, A la vista de todos eman zuen argitara, berriro ere Blecker-Cano bikotearekin eta San Lorenzon girotuta. Eleberri guztiak Siruela argitaletxeak kaleratu ditu. Madrilen bizi da, ezkonduta dago eta lau-seme alaba ditu.","og_url":"https:\/\/www.pamplonanegra.com\/eu\/autores\/teresa-cardona-2\/","og_site_name":"Pamplona Negra","article_modified_time":"2025-12-01T08:50:19+00:00","og_image":[{"width":940,"height":788,"url":"https:\/\/www.pamplonanegra.com\/wp-content\/uploads\/2024\/11\/teresa-cardona.jpg","type":"image\/jpeg"}],"twitter_card":"summary_large_image","twitter_misc":{"Est. reading time":"2 minutua"},"schema":{"@context":"https:\/\/schema.org","@graph":[{"@type":"WebPage","@id":"https:\/\/www.pamplonanegra.com\/eu\/autores\/teresa-cardona-2\/","url":"https:\/\/www.pamplonanegra.com\/eu\/autores\/teresa-cardona-2\/","name":"Teresa Cardona - Pamplona Negra","isPartOf":{"@id":"https:\/\/www.pamplonanegra.com\/#website"},"primaryImageOfPage":{"@id":"https:\/\/www.pamplonanegra.com\/eu\/autores\/teresa-cardona-2\/#primaryimage"},"image":{"@id":"https:\/\/www.pamplonanegra.com\/eu\/autores\/teresa-cardona-2\/#primaryimage"},"thumbnailUrl":"https:\/\/www.pamplonanegra.com\/wp-content\/uploads\/2024\/11\/teresa-cardona.jpg","datePublished":"2024-11-06T09:41:07+00:00","dateModified":"2025-12-01T08:50:19+00:00","description":"Teresa Cardona (Teresa Todenhoefer izengoitia) Madrilen sortu zen, 1973an. Artearen Historia ikasi zuen. Bi eleberri beltz kaleratu ditu Frantzian, Eric Todenne izengoitiaren pean, lau eskutara idatzita Eric Damienekin: Un travail \u00e0 finir eta Terres br\u00fbl\u00e9es (Editions Viviane Hamy-Flammarion). Biek ala biek oinarri historikoa dute, lehenak Aljeriako gerran eta bigarrenak Alsazia Lorrenan, 1870 eta 1945 artean. Hogeita hamar urtean Alemanian bizi eta gero, Madrilera itzuli zen, eta 2022ko martxoan Los dos lados kaleratu zuen, Karen Blecker eta Jos\u00e9 Luis Cano guardia zibilen bikotea protagonista duen sail baten aurreneko izenburua, San Lorenzo de El Escorialen girotua. 2022ko urrian sail horretako bigarrena argitaratu zuen, Un bien relativo, Villan\u00faa Rural Noir saria jasotzea ekarri ziona, eta 2023ko irailean, saileko hirugarrena atera zen, La carne del cisne, hori ere Madrilgo mendilerroan girotua. 2024ko maiatzean, Terres br\u00fbl\u00e9es eleberriaren gaztelaniazko itzulpena atera zen, Tierra quemada izenburupean. 2025eko maiatzean, A la vista de todos eman zuen argitara, berriro ere Blecker-Cano bikotearekin eta San Lorenzon girotuta. Eleberri guztiak Siruela argitaletxeak kaleratu ditu. Madrilen bizi da, ezkonduta dago eta lau-seme alaba ditu.","breadcrumb":{"@id":"https:\/\/www.pamplonanegra.com\/eu\/autores\/teresa-cardona-2\/#breadcrumb"},"inLanguage":"eu","potentialAction":[{"@type":"ReadAction","target":["https:\/\/www.pamplonanegra.com\/eu\/autores\/teresa-cardona-2\/"]}]},{"@type":"ImageObject","inLanguage":"eu","@id":"https:\/\/www.pamplonanegra.com\/eu\/autores\/teresa-cardona-2\/#primaryimage","url":"https:\/\/www.pamplonanegra.com\/wp-content\/uploads\/2024\/11\/teresa-cardona.jpg","contentUrl":"https:\/\/www.pamplonanegra.com\/wp-content\/uploads\/2024\/11\/teresa-cardona.jpg","width":940,"height":788},{"@type":"BreadcrumbList","@id":"https:\/\/www.pamplonanegra.com\/eu\/autores\/teresa-cardona-2\/#breadcrumb","itemListElement":[{"@type":"ListItem","position":1,"name":"Portada","item":"https:\/\/www.pamplonanegra.com\/eu\/"},{"@type":"ListItem","position":2,"name":"Portfolio","item":"https:\/\/www.pamplonanegra.com\/autores\/"},{"@type":"ListItem","position":3,"name":"Teresa Cardona"}]},{"@type":"WebSite","@id":"https:\/\/www.pamplonanegra.com\/#website","url":"https:\/\/www.pamplonanegra.com\/","name":"Pamplona Negra","description":"Pamplona Negra X edici\u00f3n - THE DARK CITY","publisher":{"@id":"https:\/\/www.pamplonanegra.com\/#organization"},"potentialAction":[{"@type":"SearchAction","target":{"@type":"EntryPoint","urlTemplate":"https:\/\/www.pamplonanegra.com\/?s={search_term_string}"},"query-input":{"@type":"PropertyValueSpecification","valueRequired":true,"valueName":"search_term_string"}}],"inLanguage":"eu"},{"@type":"Organization","@id":"https:\/\/www.pamplonanegra.com\/#organization","name":"Pamplona Negra","url":"https:\/\/www.pamplonanegra.com\/","logo":{"@type":"ImageObject","inLanguage":"eu","@id":"https:\/\/www.pamplonanegra.com\/#\/schema\/logo\/image\/","url":"https:\/\/www.pamplonanegra.com\/wp-content\/uploads\/2022\/10\/pamplona-negra-logo.png","contentUrl":"https:\/\/www.pamplonanegra.com\/wp-content\/uploads\/2022\/10\/pamplona-negra-logo.png","width":185,"height":97,"caption":"Pamplona Negra"},"image":{"@id":"https:\/\/www.pamplonanegra.com\/#\/schema\/logo\/image\/"}}]}},"uagb_featured_image_src":{"full":["https:\/\/www.pamplonanegra.com\/wp-content\/uploads\/2024\/11\/teresa-cardona.jpg",940,788,false],"thumbnail":["https:\/\/www.pamplonanegra.com\/wp-content\/uploads\/2024\/11\/teresa-cardona-150x150.jpg",150,150,true],"medium":["https:\/\/www.pamplonanegra.com\/wp-content\/uploads\/2024\/11\/teresa-cardona-300x251.jpg",300,251,true],"medium_large":["https:\/\/www.pamplonanegra.com\/wp-content\/uploads\/2024\/11\/teresa-cardona-768x644.jpg",768,644,true],"large":["https:\/\/www.pamplonanegra.com\/wp-content\/uploads\/2024\/11\/teresa-cardona.jpg",940,788,false],"gs-tiny":["https:\/\/www.pamplonanegra.com\/wp-content\/uploads\/2024\/11\/teresa-cardona-50x42.jpg",50,42,true],"xl":["https:\/\/www.pamplonanegra.com\/wp-content\/uploads\/2024\/11\/teresa-cardona.jpg",940,788,false],"xxl":["https:\/\/www.pamplonanegra.com\/wp-content\/uploads\/2024\/11\/teresa-cardona.jpg",940,788,false],"xxxl":["https:\/\/www.pamplonanegra.com\/wp-content\/uploads\/2024\/11\/teresa-cardona.jpg",940,788,false],"xxxxl":["https:\/\/www.pamplonanegra.com\/wp-content\/uploads\/2024\/11\/teresa-cardona.jpg",940,788,false],"xxxxxl":["https:\/\/www.pamplonanegra.com\/wp-content\/uploads\/2024\/11\/teresa-cardona.jpg",940,788,false],"thumblist":["https:\/\/www.pamplonanegra.com\/wp-content\/uploads\/2024\/11\/teresa-cardona-300x300.jpg",300,300,true],"thumbrelated":["https:\/\/www.pamplonanegra.com\/wp-content\/uploads\/2024\/11\/teresa-cardona-500x500.jpg",500,500,true],"meccarouselthumb":["https:\/\/www.pamplonanegra.com\/wp-content\/uploads\/2024\/11\/teresa-cardona-474x324.jpg",474,324,true],"gridsquare":["https:\/\/www.pamplonanegra.com\/wp-content\/uploads\/2024\/11\/teresa-cardona-391x260.jpg",391,260,true],"tileview":["https:\/\/www.pamplonanegra.com\/wp-content\/uploads\/2024\/11\/teresa-cardona-300x400.jpg",300,400,true],"1536x1536":["https:\/\/www.pamplonanegra.com\/wp-content\/uploads\/2024\/11\/teresa-cardona.jpg",940,788,false],"2048x2048":["https:\/\/www.pamplonanegra.com\/wp-content\/uploads\/2024\/11\/teresa-cardona.jpg",940,788,false]},"uagb_author_info":{"display_name":"Comunicaci\u00f3n NICDO","author_link":"https:\/\/www.pamplonanegra.com\/eu\/author\/"},"uagb_comment_info":0,"uagb_excerpt":"Teresa Cardona Teresa Cardona\u00a0(Teresa Todenhoefer izengoitia) Madrilen sortu zen, 1973an. Artearen Historia ikasi zuen. Bi eleberri beltz kaleratu ditu Frantzian, Eric\u00a0Todenne izengoitiaren pean, lau eskutara idatzita Eric Damienekin:\u00a0Un\u00a0travail\u00a0\u00e0 finir\u00a0eta\u00a0Terres\u00a0br\u00fbl\u00e9es\u00a0(Editions\u00a0Viviane\u00a0Hamy-Flammarion).\u00a0Biek ala biek oinarri historikoa dute, lehenak Aljeriako gerran eta bigarrenak Alsazia Lorrenan, 1870 eta 1945 artean. Hogeita hamar urtean Alemanian bizi eta gero, Madrilera itzuli zen,&hellip;","_links":{"self":[{"href":"https:\/\/www.pamplonanegra.com\/eu\/wp-json\/wp\/v2\/astra-portfolio\/12240"}],"collection":[{"href":"https:\/\/www.pamplonanegra.com\/eu\/wp-json\/wp\/v2\/astra-portfolio"}],"about":[{"href":"https:\/\/www.pamplonanegra.com\/eu\/wp-json\/wp\/v2\/types\/astra-portfolio"}],"version-history":[{"count":23,"href":"https:\/\/www.pamplonanegra.com\/eu\/wp-json\/wp\/v2\/astra-portfolio\/12240\/revisions"}],"predecessor-version":[{"id":15373,"href":"https:\/\/www.pamplonanegra.com\/eu\/wp-json\/wp\/v2\/astra-portfolio\/12240\/revisions\/15373"}],"wp:featuredmedia":[{"embeddable":true,"href":"https:\/\/www.pamplonanegra.com\/eu\/wp-json\/wp\/v2\/media\/14847"}],"wp:attachment":[{"href":"https:\/\/www.pamplonanegra.com\/eu\/wp-json\/wp\/v2\/media?parent=12240"}],"wp:term":[{"taxonomy":"astra-portfolio-categories","embeddable":true,"href":"https:\/\/www.pamplonanegra.com\/eu\/wp-json\/wp\/v2\/astra-portfolio-categories?post=12240"},{"taxonomy":"astra-portfolio-other-categories","embeddable":true,"href":"https:\/\/www.pamplonanegra.com\/eu\/wp-json\/wp\/v2\/astra-portfolio-other-categories?post=12240"},{"taxonomy":"astra-portfolio-tags","embeddable":true,"href":"https:\/\/www.pamplonanegra.com\/eu\/wp-json\/wp\/v2\/astra-portfolio-tags?post=12240"}],"curies":[{"name":"wp","href":"https:\/\/api.w.org\/{rel}","templated":true}]}}